{"id":68,"date":"2016-10-07T19:19:53","date_gmt":"2016-10-07T19:19:53","guid":{"rendered":"http:\/\/espaciovivido.thomasmichl.de\/?page_id=68"},"modified":"2021-04-18T10:05:50","modified_gmt":"2021-04-18T10:05:50","slug":"sevilla-98","status":"publish","type":"page","link":"http:\/\/espaciovivido.thomasmichl.de\/?page_id=68","title":{"rendered":"Sevilla&#8230;"},"content":{"rendered":"<p>als Lokalit\u00e4t besitzt insofern eine besondere Stellung innerhalb des Gesamtprojektes, da es sich um die erste Station handelt. Dar\u00fcber hinaus wurde hier der Grundstein f\u00fcr die theoretische Konzeption gelegt. Die Aussetzung des Kunstwerks fand nur an einem einzigen Tag statt. Der Kubus war genau in der Mitte des quadratischen Innenhofs der Kunstakademie in Sevilla installiert. Vom fr\u00fchen Morgen bis zum sp\u00e4ten Abend lebte ich in dem W\u00fcrfel, der komplett unabh\u00e4ngig vom \u00fcbrigen Geb\u00e4ude war. Die Stromleitung war die einzige Verbindung zum Rest der Hochschule. \u00dcber den Tag verteilt wurden von mir zehn Menschen eingeladen, die mir in der Zeit, in der ich in Sevilla lebte, wichtig geworden waren. Nur sie hatten Zutritt zum Kubus. Die anderen Betrachter konnten \u00fcber Fenster und T\u00fcr mit mir kommunizieren.<br \/>\nDie Installation erregte gro\u00dfes Aufsehen und war Thema in der Lokalpresse. Von vielen Studierenden wurde das Werk als Protestaktion gegen die Zust\u00e4nde an der Hochschule interpretiert.<\/p>\n<p><img loading=\"lazy\" class=\"aligncenter wp-image-86 size-full\" src=\"http:\/\/espaciovivido.thomasmichl.de\/wp-content\/uploads\/2016\/10\/unten.jpg\" width=\"500\" height=\"330\" srcset=\"http:\/\/espaciovivido.thomasmichl.de\/wp-content\/uploads\/2016\/10\/unten.jpg 500w, http:\/\/espaciovivido.thomasmichl.de\/wp-content\/uploads\/2016\/10\/unten-300x198.jpg 300w\" sizes=\"(max-width: 500px) 100vw, 500px\" \/><\/p>\n<p><em>SEVILLA&#8230;<\/em><\/p>\n<p><em>Este lugar tiene un significado extraordinario porque all\u00ed tuvo lugar la primera exposici\u00f3n y fue donde surgi\u00f3 toda la base te\u00f3rica del proyecto durante mi estancia por una beca de estudios.\u00a0En esa ocasi\u00f3n el cubo estuvo expuesto un solo d\u00eda en el patio cuadrado de la facultad de Bellas Artes y yo viv\u00ed dentro desde primera hora de la ma\u00f1ana hasa que cay\u00f3 la noche.\u00a0La idea de la exposisci\u00f3n fue la de encontrar mi lugar en un sitio en el que no lo hab\u00eda encontrado.<\/em><\/p>\n<p><em>\u00a0El cubo estaba integrado en el patio, pero completamente independiente del edificio. \u00danicamente el cable de la luz el\u00e9ctrica conectaba la obra con la facultad. Invit\u00e9 a diez personas de gran importancia para m\u00ed en ese momento a visitarme, fueron las \u00fanicas que tuvieron acceso al interior del cubo, que se hab\u00eda transformado en una habitaci\u00f3n con mobiliario, en un espacio vivido. Los dem\u00e1s expectadores pod\u00edan comunicarse conmigo a trav\u00e9s de la puerta y de la ventana, mientras transcurr\u00eda una jornada universitaria normal.<\/em><\/p>\n<p><em>Se publicaron algunos art\u00edculos en la prensa local sobre la obra y muchos estudiantes interpretaron esta exposici\u00f3n como una protesta contra la facultad.<\/em><\/p>\n<p><strong>aussetzen &#8211; <em>exponerse<\/em><\/strong><\/p>\n<div id='gallery-1' class='gallery galleryid-68 gallery-columns-7 gallery-size-thumbnail'><figure class='gallery-item'>\n\t\t\t<div class='gallery-icon landscape'>\n\t\t\t\t<a href='http:\/\/espaciovivido.thomasmichl.de\/wp-content\/uploads\/2016\/10\/DSC05014.jpg'><img width=\"150\" height=\"150\" src=\"http:\/\/espaciovivido.thomasmichl.de\/wp-content\/uploads\/2016\/10\/DSC05014-150x150.jpg\" class=\"attachment-thumbnail size-thumbnail\" alt=\"\" loading=\"lazy\" itemprop=\"image\" \/><\/a>\n\t\t\t<\/div><\/figure><figure class='gallery-item'>\n\t\t\t<div class='gallery-icon portrait'>\n\t\t\t\t<a href='http:\/\/espaciovivido.thomasmichl.de\/wp-content\/uploads\/2016\/10\/DSC05015.jpg'><img width=\"150\" height=\"150\" src=\"http:\/\/espaciovivido.thomasmichl.de\/wp-content\/uploads\/2016\/10\/DSC05015-150x150.jpg\" class=\"attachment-thumbnail size-thumbnail\" alt=\"\" loading=\"lazy\" itemprop=\"image\" \/><\/a>\n\t\t\t<\/div><\/figure><figure class='gallery-item'>\n\t\t\t<div class='gallery-icon landscape'>\n\t\t\t\t<a href='http:\/\/espaciovivido.thomasmichl.de\/wp-content\/uploads\/2016\/10\/von-oben-1.jpg'><img width=\"150\" height=\"150\" src=\"http:\/\/espaciovivido.thomasmichl.de\/wp-content\/uploads\/2016\/10\/von-oben-1-150x150.jpg\" class=\"attachment-thumbnail size-thumbnail\" alt=\"\" loading=\"lazy\" itemprop=\"image\" \/><\/a>\n\t\t\t<\/div><\/figure><figure class='gallery-item'>\n\t\t\t<div class='gallery-icon landscape'>\n\t\t\t\t<a href='http:\/\/espaciovivido.thomasmichl.de\/wp-content\/uploads\/2016\/10\/DSCF3287.jpg'><img width=\"150\" height=\"150\" src=\"http:\/\/espaciovivido.thomasmichl.de\/wp-content\/uploads\/2016\/10\/DSCF3287-150x150.jpg\" class=\"attachment-thumbnail size-thumbnail\" alt=\"\" loading=\"lazy\" itemprop=\"image\" \/><\/a>\n\t\t\t<\/div><\/figure><figure class='gallery-item'>\n\t\t\t<div class='gallery-icon portrait'>\n\t\t\t\t<a href='http:\/\/espaciovivido.thomasmichl.de\/wp-content\/uploads\/2016\/10\/DSC05016.jpg'><img width=\"150\" height=\"150\" src=\"http:\/\/espaciovivido.thomasmichl.de\/wp-content\/uploads\/2016\/10\/DSC05016-150x150.jpg\" class=\"attachment-thumbnail size-thumbnail\" alt=\"\" loading=\"lazy\" itemprop=\"image\" \/><\/a>\n\t\t\t<\/div><\/figure><figure class='gallery-item'>\n\t\t\t<div class='gallery-icon landscape'>\n\t\t\t\t<a href='http:\/\/espaciovivido.thomasmichl.de\/wp-content\/uploads\/2016\/10\/DSC05026.jpg'><img width=\"150\" height=\"150\" src=\"http:\/\/espaciovivido.thomasmichl.de\/wp-content\/uploads\/2016\/10\/DSC05026-150x150.jpg\" class=\"attachment-thumbnail size-thumbnail\" alt=\"\" loading=\"lazy\" itemprop=\"image\" \/><\/a>\n\t\t\t<\/div><\/figure><figure class='gallery-item'>\n\t\t\t<div class='gallery-icon portrait'>\n\t\t\t\t<a href='http:\/\/espaciovivido.thomasmichl.de\/wp-content\/uploads\/2016\/10\/DSC05023.jpg'><img width=\"150\" height=\"150\" src=\"http:\/\/espaciovivido.thomasmichl.de\/wp-content\/uploads\/2016\/10\/DSC05023-150x150.jpg\" class=\"attachment-thumbnail size-thumbnail\" alt=\"\" loading=\"lazy\" itemprop=\"image\" \/><\/a>\n\t\t\t<\/div><\/figure><figure class='gallery-item'>\n\t\t\t<div class='gallery-icon landscape'>\n\t\t\t\t<a href='http:\/\/espaciovivido.thomasmichl.de\/wp-content\/uploads\/2016\/10\/unten-1.jpg'><img width=\"150\" height=\"150\" src=\"http:\/\/espaciovivido.thomasmichl.de\/wp-content\/uploads\/2016\/10\/unten-1-150x150.jpg\" class=\"attachment-thumbnail size-thumbnail\" alt=\"\" loading=\"lazy\" itemprop=\"image\" \/><\/a>\n\t\t\t<\/div><\/figure><figure class='gallery-item'>\n\t\t\t<div class='gallery-icon landscape'>\n\t\t\t\t<a href='http:\/\/espaciovivido.thomasmichl.de\/wp-content\/uploads\/2016\/10\/DSC05024.jpg'><img width=\"150\" height=\"150\" src=\"http:\/\/espaciovivido.thomasmichl.de\/wp-content\/uploads\/2016\/10\/DSC05024-150x150.jpg\" class=\"attachment-thumbnail size-thumbnail\" alt=\"\" loading=\"lazy\" itemprop=\"image\" \/><\/a>\n\t\t\t<\/div><\/figure><figure class='gallery-item'>\n\t\t\t<div class='gallery-icon portrait'>\n\t\t\t\t<a href='http:\/\/espaciovivido.thomasmichl.de\/wp-content\/uploads\/2016\/10\/DSC05017.jpg'><img width=\"150\" height=\"150\" src=\"http:\/\/espaciovivido.thomasmichl.de\/wp-content\/uploads\/2016\/10\/DSC05017-150x150.jpg\" class=\"attachment-thumbnail size-thumbnail\" alt=\"\" loading=\"lazy\" itemprop=\"image\" \/><\/a>\n\t\t\t<\/div><\/figure><figure class='gallery-item'>\n\t\t\t<div class='gallery-icon landscape'>\n\t\t\t\t<a href='http:\/\/espaciovivido.thomasmichl.de\/wp-content\/uploads\/2016\/10\/oben-1.jpg'><img width=\"150\" height=\"150\" src=\"http:\/\/espaciovivido.thomasmichl.de\/wp-content\/uploads\/2016\/10\/oben-1-150x150.jpg\" class=\"attachment-thumbnail size-thumbnail\" alt=\"\" loading=\"lazy\" itemprop=\"image\" \/><\/a>\n\t\t\t<\/div><\/figure><figure class='gallery-item'>\n\t\t\t<div class='gallery-icon portrait'>\n\t\t\t\t<a href='http:\/\/espaciovivido.thomasmichl.de\/wp-content\/uploads\/2016\/10\/DSC05021.jpg'><img width=\"150\" height=\"150\" src=\"http:\/\/espaciovivido.thomasmichl.de\/wp-content\/uploads\/2016\/10\/DSC05021-150x150.jpg\" class=\"attachment-thumbnail size-thumbnail\" alt=\"\" loading=\"lazy\" itemprop=\"image\" \/><\/a>\n\t\t\t<\/div><\/figure><figure class='gallery-item'>\n\t\t\t<div class='gallery-icon landscape'>\n\t\t\t\t<a href='http:\/\/espaciovivido.thomasmichl.de\/wp-content\/uploads\/2016\/10\/Fensterseite.jpg'><img width=\"150\" height=\"150\" src=\"http:\/\/espaciovivido.thomasmichl.de\/wp-content\/uploads\/2016\/10\/Fensterseite-150x150.jpg\" class=\"attachment-thumbnail size-thumbnail\" alt=\"\" loading=\"lazy\" itemprop=\"image\" \/><\/a>\n\t\t\t<\/div><\/figure><figure class='gallery-item'>\n\t\t\t<div class='gallery-icon landscape'>\n\t\t\t\t<a href='http:\/\/espaciovivido.thomasmichl.de\/wp-content\/uploads\/2016\/10\/DSC05027.jpg'><img width=\"150\" height=\"150\" src=\"http:\/\/espaciovivido.thomasmichl.de\/wp-content\/uploads\/2016\/10\/DSC05027-150x150.jpg\" class=\"attachment-thumbnail size-thumbnail\" alt=\"\" loading=\"lazy\" itemprop=\"image\" \/><\/a>\n\t\t\t<\/div><\/figure><figure class='gallery-item'>\n\t\t\t<div class='gallery-icon landscape'>\n\t\t\t\t<a href='http:\/\/espaciovivido.thomasmichl.de\/wp-content\/uploads\/2016\/10\/von-oben-hinten-1.jpg'><img width=\"150\" height=\"150\" src=\"http:\/\/espaciovivido.thomasmichl.de\/wp-content\/uploads\/2016\/10\/von-oben-hinten-1-150x150.jpg\" class=\"attachment-thumbnail size-thumbnail\" alt=\"\" loading=\"lazy\" itemprop=\"image\" \/><\/a>\n\t\t\t<\/div><\/figure><figure class='gallery-item'>\n\t\t\t<div class='gallery-icon landscape'>\n\t\t\t\t<a href='http:\/\/espaciovivido.thomasmichl.de\/wp-content\/uploads\/2016\/10\/DSC01658.jpg'><img width=\"150\" height=\"150\" src=\"http:\/\/espaciovivido.thomasmichl.de\/wp-content\/uploads\/2016\/10\/DSC01658-150x150.jpg\" class=\"attachment-thumbnail size-thumbnail\" alt=\"\" loading=\"lazy\" aria-describedby=\"gallery-1-69\" itemprop=\"image\" \/><\/a>\n\t\t\t<\/div>\n\t\t\t\t<figcaption class='wp-caption-text gallery-caption' id='gallery-1-69'>\n\t\t\t\tsevilla 98 aussetzen\n\t\t\t\t<\/figcaption><\/figure><figure class='gallery-item'>\n\t\t\t<div class='gallery-icon portrait'>\n\t\t\t\t<a href='http:\/\/espaciovivido.thomasmichl.de\/wp-content\/uploads\/2016\/10\/DSC05018.jpg'><img width=\"150\" height=\"150\" src=\"http:\/\/espaciovivido.thomasmichl.de\/wp-content\/uploads\/2016\/10\/DSC05018-150x150.jpg\" class=\"attachment-thumbnail size-thumbnail\" alt=\"\" loading=\"lazy\" itemprop=\"image\" \/><\/a>\n\t\t\t<\/div><\/figure><figure class='gallery-item'>\n\t\t\t<div class='gallery-icon landscape'>\n\t\t\t\t<a href='http:\/\/espaciovivido.thomasmichl.de\/wp-content\/uploads\/2016\/10\/aussen_von_oben.jpg'><img width=\"150\" height=\"150\" src=\"http:\/\/espaciovivido.thomasmichl.de\/wp-content\/uploads\/2016\/10\/aussen_von_oben-150x150.jpg\" class=\"attachment-thumbnail size-thumbnail\" alt=\"\" loading=\"lazy\" itemprop=\"image\" \/><\/a>\n\t\t\t<\/div><\/figure><figure class='gallery-item'>\n\t\t\t<div class='gallery-icon landscape'>\n\t\t\t\t<a href='http:\/\/espaciovivido.thomasmichl.de\/wp-content\/uploads\/2016\/10\/hintereSeite.jpg'><img width=\"150\" height=\"150\" src=\"http:\/\/espaciovivido.thomasmichl.de\/wp-content\/uploads\/2016\/10\/hintereSeite-150x150.jpg\" class=\"attachment-thumbnail size-thumbnail\" alt=\"\" loading=\"lazy\" itemprop=\"image\" \/><\/a>\n\t\t\t<\/div><\/figure><figure class='gallery-item'>\n\t\t\t<div class='gallery-icon landscape'>\n\t\t\t\t<a href='http:\/\/espaciovivido.thomasmichl.de\/wp-content\/uploads\/2016\/10\/oben.jpg'><img width=\"150\" height=\"150\" src=\"http:\/\/espaciovivido.thomasmichl.de\/wp-content\/uploads\/2016\/10\/oben-150x150.jpg\" class=\"attachment-thumbnail size-thumbnail\" alt=\"\" loading=\"lazy\" itemprop=\"image\" \/><\/a>\n\t\t\t<\/div><\/figure><figure class='gallery-item'>\n\t\t\t<div class='gallery-icon landscape'>\n\t\t\t\t<a href='http:\/\/espaciovivido.thomasmichl.de\/wp-content\/uploads\/2016\/10\/DSCF4400.jpg'><img width=\"150\" height=\"150\" src=\"http:\/\/espaciovivido.thomasmichl.de\/wp-content\/uploads\/2016\/10\/DSCF4400-150x150.jpg\" class=\"attachment-thumbnail size-thumbnail\" alt=\"\" loading=\"lazy\" itemprop=\"image\" \/><\/a>\n\t\t\t<\/div><\/figure><figure class='gallery-item'>\n\t\t\t<div class='gallery-icon landscape'>\n\t\t\t\t<a href='http:\/\/espaciovivido.thomasmichl.de\/wp-content\/uploads\/2016\/10\/von-oben.jpg'><img width=\"150\" height=\"150\" src=\"http:\/\/espaciovivido.thomasmichl.de\/wp-content\/uploads\/2016\/10\/von-oben-150x150.jpg\" class=\"attachment-thumbnail size-thumbnail\" alt=\"\" loading=\"lazy\" itemprop=\"image\" \/><\/a>\n\t\t\t<\/div><\/figure><figure class='gallery-item'>\n\t\t\t<div class='gallery-icon landscape'>\n\t\t\t\t<a href='http:\/\/espaciovivido.thomasmichl.de\/wp-content\/uploads\/2016\/10\/T\u00fcrseite.jpg'><img width=\"150\" height=\"150\" src=\"http:\/\/espaciovivido.thomasmichl.de\/wp-content\/uploads\/2016\/10\/T\u00fcrseite-150x150.jpg\" class=\"attachment-thumbnail size-thumbnail\" alt=\"\" loading=\"lazy\" itemprop=\"image\" \/><\/a>\n\t\t\t<\/div><\/figure>\n\t\t<\/div>\n\n<p><strong>auslegen &#8211; <em>explicar<\/em><\/strong><\/p>\n<div id='gallery-2' class='gallery galleryid-68 gallery-columns-7 gallery-size-thumbnail'><figure class='gallery-item'>\n\t\t\t<div class='gallery-icon landscape'>\n\t\t\t\t<a href='http:\/\/espaciovivido.thomasmichl.de\/wp-content\/uploads\/2016\/10\/bild220398.jpg'><img width=\"150\" height=\"150\" src=\"http:\/\/espaciovivido.thomasmichl.de\/wp-content\/uploads\/2016\/10\/bild220398-150x150.jpg\" class=\"attachment-thumbnail size-thumbnail\" alt=\"\" loading=\"lazy\" srcset=\"http:\/\/espaciovivido.thomasmichl.de\/wp-content\/uploads\/2016\/10\/bild220398-150x150.jpg 150w, http:\/\/espaciovivido.thomasmichl.de\/wp-content\/uploads\/2016\/10\/bild220398-300x300.jpg 300w, http:\/\/espaciovivido.thomasmichl.de\/wp-content\/uploads\/2016\/10\/bild220398.jpg 400w\" sizes=\"(max-width: 150px) 100vw, 150px\" itemprop=\"image\" \/><\/a>\n\t\t\t<\/div><\/figure><figure class='gallery-item'>\n\t\t\t<div class='gallery-icon landscape'>\n\t\t\t\t<a href='http:\/\/espaciovivido.thomasmichl.de\/wp-content\/uploads\/2016\/10\/280398.jpg'><img width=\"150\" height=\"150\" src=\"http:\/\/espaciovivido.thomasmichl.de\/wp-content\/uploads\/2016\/10\/280398-150x150.jpg\" class=\"attachment-thumbnail size-thumbnail\" alt=\"\" loading=\"lazy\" srcset=\"http:\/\/espaciovivido.thomasmichl.de\/wp-content\/uploads\/2016\/10\/280398-150x150.jpg 150w, http:\/\/espaciovivido.thomasmichl.de\/wp-content\/uploads\/2016\/10\/280398-300x300.jpg 300w, http:\/\/espaciovivido.thomasmichl.de\/wp-content\/uploads\/2016\/10\/280398-768x766.jpg 768w, http:\/\/espaciovivido.thomasmichl.de\/wp-content\/uploads\/2016\/10\/280398.jpg 800w\" sizes=\"(max-width: 150px) 100vw, 150px\" itemprop=\"image\" \/><\/a>\n\t\t\t<\/div><\/figure><figure class='gallery-item'>\n\t\t\t<div class='gallery-icon landscape'>\n\t\t\t\t<a href='http:\/\/espaciovivido.thomasmichl.de\/wp-content\/uploads\/2016\/10\/bild200398.jpg'><img width=\"150\" height=\"150\" src=\"http:\/\/espaciovivido.thomasmichl.de\/wp-content\/uploads\/2016\/10\/bild200398-150x150.jpg\" class=\"attachment-thumbnail size-thumbnail\" alt=\"\" loading=\"lazy\" srcset=\"http:\/\/espaciovivido.thomasmichl.de\/wp-content\/uploads\/2016\/10\/bild200398-150x150.jpg 150w, http:\/\/espaciovivido.thomasmichl.de\/wp-content\/uploads\/2016\/10\/bild200398-300x300.jpg 300w, http:\/\/espaciovivido.thomasmichl.de\/wp-content\/uploads\/2016\/10\/bild200398.jpg 400w\" sizes=\"(max-width: 150px) 100vw, 150px\" itemprop=\"image\" \/><\/a>\n\t\t\t<\/div><\/figure><figure class='gallery-item'>\n\t\t\t<div class='gallery-icon landscape'>\n\t\t\t\t<a href='http:\/\/espaciovivido.thomasmichl.de\/wp-content\/uploads\/2016\/10\/bild260398.jpg'><img width=\"150\" height=\"150\" src=\"http:\/\/espaciovivido.thomasmichl.de\/wp-content\/uploads\/2016\/10\/bild260398-150x150.jpg\" class=\"attachment-thumbnail size-thumbnail\" alt=\"\" loading=\"lazy\" srcset=\"http:\/\/espaciovivido.thomasmichl.de\/wp-content\/uploads\/2016\/10\/bild260398-150x150.jpg 150w, http:\/\/espaciovivido.thomasmichl.de\/wp-content\/uploads\/2016\/10\/bild260398-300x300.jpg 300w, http:\/\/espaciovivido.thomasmichl.de\/wp-content\/uploads\/2016\/10\/bild260398.jpg 400w\" sizes=\"(max-width: 150px) 100vw, 150px\" itemprop=\"image\" \/><\/a>\n\t\t\t<\/div><\/figure><figure class='gallery-item'>\n\t\t\t<div class='gallery-icon landscape'>\n\t\t\t\t<a href='http:\/\/espaciovivido.thomasmichl.de\/wp-content\/uploads\/2016\/10\/bild250398.jpg'><img width=\"150\" height=\"150\" src=\"http:\/\/espaciovivido.thomasmichl.de\/wp-content\/uploads\/2016\/10\/bild250398-150x150.jpg\" class=\"attachment-thumbnail size-thumbnail\" alt=\"\" loading=\"lazy\" srcset=\"http:\/\/espaciovivido.thomasmichl.de\/wp-content\/uploads\/2016\/10\/bild250398-150x150.jpg 150w, http:\/\/espaciovivido.thomasmichl.de\/wp-content\/uploads\/2016\/10\/bild250398-300x300.jpg 300w, http:\/\/espaciovivido.thomasmichl.de\/wp-content\/uploads\/2016\/10\/bild250398.jpg 400w\" sizes=\"(max-width: 150px) 100vw, 150px\" itemprop=\"image\" \/><\/a>\n\t\t\t<\/div><\/figure><figure class='gallery-item'>\n\t\t\t<div class='gallery-icon portrait'>\n\t\t\t\t<a href='http:\/\/espaciovivido.thomasmichl.de\/wp-content\/uploads\/2016\/10\/310398.jpg'><img width=\"150\" height=\"150\" src=\"http:\/\/espaciovivido.thomasmichl.de\/wp-content\/uploads\/2016\/10\/310398-150x150.jpg\" class=\"attachment-thumbnail size-thumbnail\" alt=\"\" loading=\"lazy\" srcset=\"http:\/\/espaciovivido.thomasmichl.de\/wp-content\/uploads\/2016\/10\/310398-150x150.jpg 150w, http:\/\/espaciovivido.thomasmichl.de\/wp-content\/uploads\/2016\/10\/310398-300x300.jpg 300w, http:\/\/espaciovivido.thomasmichl.de\/wp-content\/uploads\/2016\/10\/310398.jpg 640w\" sizes=\"(max-width: 150px) 100vw, 150px\" itemprop=\"image\" \/><\/a>\n\t\t\t<\/div><\/figure><figure class='gallery-item'>\n\t\t\t<div class='gallery-icon portrait'>\n\t\t\t\t<a href='http:\/\/espaciovivido.thomasmichl.de\/wp-content\/uploads\/2016\/10\/300398.jpg'><img width=\"150\" height=\"150\" src=\"http:\/\/espaciovivido.thomasmichl.de\/wp-content\/uploads\/2016\/10\/300398-150x150.jpg\" class=\"attachment-thumbnail size-thumbnail\" alt=\"\" loading=\"lazy\" srcset=\"http:\/\/espaciovivido.thomasmichl.de\/wp-content\/uploads\/2016\/10\/300398-150x150.jpg 150w, http:\/\/espaciovivido.thomasmichl.de\/wp-content\/uploads\/2016\/10\/300398-300x300.jpg 300w, http:\/\/espaciovivido.thomasmichl.de\/wp-content\/uploads\/2016\/10\/300398.jpg 640w\" sizes=\"(max-width: 150px) 100vw, 150px\" itemprop=\"image\" \/><\/a>\n\t\t\t<\/div><\/figure><figure class='gallery-item'>\n\t\t\t<div class='gallery-icon portrait'>\n\t\t\t\t<a href='http:\/\/espaciovivido.thomasmichl.de\/wp-content\/uploads\/2016\/10\/290398.jpg'><img width=\"150\" height=\"150\" src=\"http:\/\/espaciovivido.thomasmichl.de\/wp-content\/uploads\/2016\/10\/290398-150x150.jpg\" class=\"attachment-thumbnail size-thumbnail\" alt=\"\" loading=\"lazy\" itemprop=\"image\" \/><\/a>\n\t\t\t<\/div><\/figure>\n\t\t<\/div>\n\n<p><strong>ausstellen &#8211; <em>exponer<\/em><\/strong><\/p>\n<div id='gallery-3' class='gallery galleryid-68 gallery-columns-3 gallery-size-thumbnail'><figure class='gallery-item'>\n\t\t\t<div class='gallery-icon landscape'>\n\t\t\t\t<a href='http:\/\/espaciovivido.thomasmichl.de\/wp-content\/uploads\/2016\/10\/sevilla_weingarten.gif'><img width=\"150\" height=\"150\" src=\"http:\/\/espaciovivido.thomasmichl.de\/wp-content\/uploads\/2016\/10\/sevilla_weingarten-150x150.gif\" class=\"attachment-thumbnail size-thumbnail\" alt=\"\" loading=\"lazy\" srcset=\"http:\/\/espaciovivido.thomasmichl.de\/wp-content\/uploads\/2016\/10\/sevilla_weingarten-150x150.gif 150w, http:\/\/espaciovivido.thomasmichl.de\/wp-content\/uploads\/2016\/10\/sevilla_weingarten-300x300.gif 300w\" sizes=\"(max-width: 150px) 100vw, 150px\" itemprop=\"image\" \/><\/a>\n\t\t\t<\/div><\/figure><figure class='gallery-item'>\n\t\t\t<div class='gallery-icon landscape'>\n\t\t\t\t<a href='http:\/\/espaciovivido.thomasmichl.de\/wp-content\/uploads\/2016\/10\/aichach1.jpg'><img width=\"150\" height=\"150\" src=\"http:\/\/espaciovivido.thomasmichl.de\/wp-content\/uploads\/2016\/10\/aichach1-150x150.jpg\" class=\"attachment-thumbnail size-thumbnail\" alt=\"\" loading=\"lazy\" itemprop=\"image\" \/><\/a>\n\t\t\t<\/div><\/figure><figure class='gallery-item'>\n\t\t\t<div class='gallery-icon landscape'>\n\t\t\t\t<a href='http:\/\/espaciovivido.thomasmichl.de\/wp-content\/uploads\/2016\/10\/aichach4.jpg'><img width=\"150\" height=\"150\" src=\"http:\/\/espaciovivido.thomasmichl.de\/wp-content\/uploads\/2016\/10\/aichach4-150x150.jpg\" class=\"attachment-thumbnail size-thumbnail\" alt=\"\" loading=\"lazy\" itemprop=\"image\" \/><\/a>\n\t\t\t<\/div><\/figure><figure class='gallery-item'>\n\t\t\t<div class='gallery-icon landscape'>\n\t\t\t\t<a href='http:\/\/espaciovivido.thomasmichl.de\/wp-content\/uploads\/2016\/10\/DSC00808.jpg'><img width=\"150\" height=\"150\" src=\"http:\/\/espaciovivido.thomasmichl.de\/wp-content\/uploads\/2016\/10\/DSC00808-150x150.jpg\" class=\"attachment-thumbnail size-thumbnail\" alt=\"\" loading=\"lazy\" itemprop=\"image\" \/><\/a>\n\t\t\t<\/div><\/figure><figure class='gallery-item'>\n\t\t\t<div class='gallery-icon landscape'>\n\t\t\t\t<a href='http:\/\/espaciovivido.thomasmichl.de\/wp-content\/uploads\/2016\/10\/DSC00814.jpg'><img width=\"150\" height=\"150\" src=\"http:\/\/espaciovivido.thomasmichl.de\/wp-content\/uploads\/2016\/10\/DSC00814-150x150.jpg\" class=\"attachment-thumbnail size-thumbnail\" alt=\"\" loading=\"lazy\" itemprop=\"image\" \/><\/a>\n\t\t\t<\/div><\/figure><figure class='gallery-item'>\n\t\t\t<div class='gallery-icon portrait'>\n\t\t\t\t<a href='http:\/\/espaciovivido.thomasmichl.de\/wp-content\/uploads\/2016\/10\/thomas-maria.jpg'><img width=\"150\" height=\"150\" src=\"http:\/\/espaciovivido.thomasmichl.de\/wp-content\/uploads\/2016\/10\/thomas-maria-150x150.jpg\" class=\"attachment-thumbnail size-thumbnail\" alt=\"\" loading=\"lazy\" itemprop=\"image\" \/><\/a>\n\t\t\t<\/div><\/figure>\n\t\t<\/div>\n\n<p>P\u00e4dagogische Hochschule Weingarten &#8211; Kreisgut Aichach &#8211; Privatgrundst\u00fcck Almendralejo (Spanien)<\/p>\n<p><em>Fotos: \u00a0Mar\u00eda Asuar, Thomas Michl, Walter Klasz (<a href=\"http:\/\/klasz.at\">http:\/\/klasz.at<\/a>)<\/em><\/p>\n","protected":false},"excerpt":{"rendered":"<p>als Lokalit\u00e4t besitzt insofern eine besondere Stellung innerhalb des Gesamtprojektes, da es sich um die erste Station handelt. Dar\u00fcber hinaus wurde hier der Grundstein f\u00fcr die theoretische Konzeption gelegt. Die Aussetzung des Kunstwerks fand nur an einem einzigen Tag statt. Der Kubus war genau in der Mitte des quadratischen Innenhofs der Kunstakademie in Sevilla installiert.&hellip;<\/p>\n","protected":false},"author":1,"featured_media":0,"parent":0,"menu_order":0,"comment_status":"closed","ping_status":"closed","template":"","meta":[],"_links":{"self":[{"href":"http:\/\/espaciovivido.thomasmichl.de\/index.php?rest_route=\/wp\/v2\/pages\/68"}],"collection":[{"href":"http:\/\/espaciovivido.thomasmichl.de\/index.php?rest_route=\/wp\/v2\/pages"}],"about":[{"href":"http:\/\/espaciovivido.thomasmichl.de\/index.php?rest_route=\/wp\/v2\/types\/page"}],"author":[{"embeddable":true,"href":"http:\/\/espaciovivido.thomasmichl.de\/index.php?rest_route=\/wp\/v2\/users\/1"}],"replies":[{"embeddable":true,"href":"http:\/\/espaciovivido.thomasmichl.de\/index.php?rest_route=%2Fwp%2Fv2%2Fcomments&post=68"}],"version-history":[{"count":30,"href":"http:\/\/espaciovivido.thomasmichl.de\/index.php?rest_route=\/wp\/v2\/pages\/68\/revisions"}],"predecessor-version":[{"id":682,"href":"http:\/\/espaciovivido.thomasmichl.de\/index.php?rest_route=\/wp\/v2\/pages\/68\/revisions\/682"}],"wp:attachment":[{"href":"http:\/\/espaciovivido.thomasmichl.de\/index.php?rest_route=%2Fwp%2Fv2%2Fmedia&parent=68"}],"curies":[{"name":"wp","href":"https:\/\/api.w.org\/{rel}","templated":true}]}}